{"id":2653,"date":"2018-09-22T14:58:37","date_gmt":"2018-09-22T14:58:37","guid":{"rendered":"https:\/\/cacauet.net\/quienes-somos"},"modified":"2023-08-25T11:54:51","modified_gmt":"2023-08-25T11:54:51","slug":"quienes-somos","status":"publish","type":"page","link":"https:\/\/cacauet.net\/es\/quienes-somos","title":{"rendered":"Qui\u00e9nes somos"},"content":{"rendered":"<section class=\"wpb-content-wrapper\"><p>[vc_row][vc_column][vc_column_text][\/vc_column_text][\/vc_column][\/vc_row][vc_row][vc_column width=\u00bb2\/3&#8243;][vc_column_text]<\/p>\n<h3>Marta Esmarats<\/h3>\n<pre><strong>Actriu, titellaire, creadora esc\u00e8nica.<\/strong><\/pre>\n<p>Si pienso sobre mi vida creo que siempre me han fascinado las historias y c\u00f3mo contarlas.<br \/>\nLicenciada en Arte Dram\u00e1tico en el Instituto del teatro 1997-2001. Tengo estudios de Humanidades por la UOC y estoy diplomada en educaci\u00f3n por la UVic. Formada en teatro de sombras en Alemania y comedia del arte en Italia, formaci\u00f3n en construcci\u00f3n de m\u00e1scaras y espacio esc\u00e9nico en Londres e Italia, formaci\u00f3n en tejido y fibras vegetales en Catalu\u00f1a, danza y teatro-danza con Marta Carrasco y Ona Fuster entre otros.<\/p>\n<p>Llevo m\u00e1s de 20 a\u00f1os trabajando como actriz y creadora, actualmente con nuestra compa\u00f1\u00eda Cacauet teatre.<\/p>\n<p>Tambi\u00e9n tengo un proyecto personal donde trabajo con la voz y la parte m\u00e1s visual de los materiales y el espacio. Hago locuciones. . He puesto voz a m\u00faltiples eventos como el Festival de Cine de monta\u00f1a de Torell\u00f3 y audio para poes\u00eda y leyendas para la Fundaci\u00f3n Verdaguer. Hago talleres de poes\u00eda con la Fundaci\u00f3n Miquel Mart\u00ed i Pol. Realizo instalaciones art\u00edsticas con <em>Lla\u00fcna<\/em> y talleres creativos, puedes ver este trabajo personal en www.martaesmarats.com.<\/p>\n<p>He combinado el trabajo de actriz con el de narradora oral desde siempre y con la docencia puntualmente. Hago de narradora oral desde que empec\u00e9 a trabajar, un espacio en el que el aprendizaje es constante y la proximidad y la comunicaci\u00f3n un reto. Soy profesora adjunta de juego dram\u00e1tico y expresi\u00f3n del cuerpo en la Universidad de Vic desde el 2013. En el pasado he hecho talleres en la UAB, la UPC, en Rosa Sensat, en el Institut del Teatre, con Brou d&#8217;Arts esc\u00e9nicas y en CEIPS[\/vc_column_text][\/vc_column][vc_column width=\u00bb1\/3&#8243;][vc_column_text][\/vc_column_text][vc_single_image image=\u00bb2499&#8243; img_size=\u00bb300&#215;300&#8243; alignment=\u00bbright\u00bb][\/vc_column][\/vc_row][vc_row][vc_column width=\u00bb2\/3&#8243;][vc_column_text]<\/p>\n<h3>Miquel Fletas<\/h3>\n<pre><strong>M\u00fasic, t\u00e8cnic i ge\u00f2graf.<\/strong><\/pre>\n<p>Toco la guitarra desde que pude cogerla bien con las dos manos. La m\u00fasica es mi pasi\u00f3n, desde la interpretaci\u00f3n hasta la composici\u00f3n con distintos dispositivos, tambi\u00e9n electr\u00f3nicos.<\/p>\n<p>Me he formado como t\u00e9cnico de luces con el Galliner de Girona. He realizado un curso en el \u00e1mbito de la t\u00e9cnica del sonido y la grabaci\u00f3n sonora en el Mas d&#8217;en Bigues de Vic.<br \/>\nActualmente interpreto y creo canciones con la ayuda de distintos instrumentos como la guitarra, el piano o instrumentos MIDI y DAW. He participado en el dise\u00f1o y la creaci\u00f3n de la escenograf\u00eda de todos los montajes teatrales de la compa\u00f1\u00eda Momama teatre, tambi\u00e9n en la creaci\u00f3n de t\u00edteres y escenograf\u00eda de los espect\u00e1culos de peque\u00f1o formato y cuentos de Rondallaire y actualmente de Cacauet teatre. Ha trabajado como t\u00e9cnico de sonido y creador de ambientes sonoros y canciones por ambas compa\u00f1\u00edas.<br \/>\nEstoy Licenciado en Geograf\u00eda por la Universidad de Girona. He estudiado teatro de sombras en Alemania, Bamberg con Norbert G\u00f6tz, y he participado en coproducci\u00f3n europea para crear un espect\u00e1culo de sombras y luz para p\u00fablico familiar.[\/vc_column_text][\/vc_column][vc_column width=\u00bb1\/3&#8243;][vc_column_text][\/vc_column_text][vc_single_image image=\u00bb2101&#8243; img_size=\u00bb300&#215;300&#8243; alignment=\u00bbright\u00bb][\/vc_column][\/vc_row][vc_row][vc_column width=\u00bb2\/3&#8243;][vc_column_text]<\/p>\n<h3>Montse Fletas<\/h3>\n<p>Artista pl\u00e1stica, escen\u00f3grafa<strong><br \/>\n<\/strong>Estoy Licenciada en Bellas Artes por la Universidad de Barcelona.<br \/>\nHe realizado un curso de escenograf\u00eda en el Galliner de Girona.<br \/>\nHe construido m\u00e1scaras, t\u00edteres y escenograf\u00edas por nuestra compa\u00f1\u00eda primero de Rondallaire y actualmente Cacauet teatre.<br \/>\nHe trabajado en el proyecto del <em>Museum F\u00fcr Naturkunde \u201cDie Kunst des Sammels\u201d<\/em> a cargo de Julius Klein en Berl\u00edn.<br \/>\nHe participado en diversas exposiciones colectivas e individuales en Catalu\u00f1a.<br \/>\nHe ilustrado y dise\u00f1ado carteles y publicaciones para diferentes colectivos y cuentos para ni\u00f1os y ni\u00f1as.[\/vc_column_text][\/vc_column][vc_column width=\u00bb1\/3&#8243;][vc_column_text][\/vc_column_text][vc_single_image image=\u00bb2311&#8243; img_size=\u00bb300&#215;300&#8243; alignment=\u00bbright\u00bb][\/vc_column][\/vc_row][vc_row][vc_column][vc_column_text]<\/p>\n<h4>Colaboraciones profesionales<\/h4>\n<p>En varios proyectos hemos tenido la suerte de contar con: Mart\u00ed Doy en escenograf\u00eda y t\u00edteres, Jordi Font Alonso con la direcci\u00f3n y creaci\u00f3n en grupo, con Marcel.l\u00ed Gutierrez de Txelo studio para el dise\u00f1o gr\u00e1fico, Nina Sol\u00e0 en el v\u00eddeo en el Vuelo de las Mariposas, Mario Andr\u00e9s y Tom\u00e1s Feres como t\u00e9cnicos, Celia Munari en el dise\u00f1o de sombras, Sergi de Fotofilia en la fotograf\u00eda.[\/vc_column_text][\/vc_column][\/vc_row]<\/p>\n<\/section>","protected":false},"excerpt":{"rendered":"<p>[vc_row][vc_column][vc_column_text][\/vc_column_text][\/vc_column][\/vc_row][vc_row][vc_column width=\u00bb2\/3&#8243;][vc_column_text] Marta Esmarats Actriu, titellaire, creadora esc\u00e8nica. Si pienso sobre mi vida creo que siempre me han fascinado las historias y c\u00f3mo contarlas. Licenciada en Arte Dram\u00e1tico en el Instituto del teatro 1997-2001. Tengo estudios de Humanidades por la UOC y estoy diplomada en educaci\u00f3n por la UVic. Formada en teatro de sombras en&hellip;<\/p>\n","protected":false},"author":1,"featured_media":0,"parent":0,"menu_order":0,"comment_status":"closed","ping_status":"closed","template":"","meta":[],"_links":{"self":[{"href":"https:\/\/cacauet.net\/es\/wp-json\/wp\/v2\/pages\/2653"}],"collection":[{"href":"https:\/\/cacauet.net\/es\/wp-json\/wp\/v2\/pages"}],"about":[{"href":"https:\/\/cacauet.net\/es\/wp-json\/wp\/v2\/types\/page"}],"author":[{"embeddable":true,"href":"https:\/\/cacauet.net\/es\/wp-json\/wp\/v2\/users\/1"}],"replies":[{"embeddable":true,"href":"https:\/\/cacauet.net\/es\/wp-json\/wp\/v2\/comments?post=2653"}],"version-history":[{"count":3,"href":"https:\/\/cacauet.net\/es\/wp-json\/wp\/v2\/pages\/2653\/revisions"}],"predecessor-version":[{"id":2656,"href":"https:\/\/cacauet.net\/es\/wp-json\/wp\/v2\/pages\/2653\/revisions\/2656"}],"wp:attachment":[{"href":"https:\/\/cacauet.net\/es\/wp-json\/wp\/v2\/media?parent=2653"}],"curies":[{"name":"wp","href":"https:\/\/api.w.org\/{rel}","templated":true}]}}